{"id":247698,"date":"2023-05-16T04:52:46","date_gmt":"2023-05-16T02:52:46","guid":{"rendered":"https:\/\/www.exitfest.org\/?page_id=247698"},"modified":"2023-05-16T05:09:56","modified_gmt":"2023-05-16T03:09:56","slug":"exit-activism","status":"publish","type":"page","link":"https:\/\/www.exitfest.org\/de\/exit-activism","title":{"rendered":"EXIT Activism"},"content":{"rendered":"<div class=\"wpb-content-wrapper\"><p>[vc_row el_class=&#8220;container-single uk-container-center&#8220; css=&#8220;.vc_custom_1547721991391{padding-top: 40px !important;}&#8220;][vc_column css_animation=&#8220;none&#8220; offset=&#8220;vc_col-lg-offset-2 vc_col-lg-8 vc_col-md-offset-2 vc_col-md-8&#8243;][vc_column_text css_animation=&#8220;none&#8220; css=&#8220;.vc_custom_1684205708252{margin-bottom: 10px !important;}&#8220;]Das EXIT-Festival, das vor zwei Jahrzehnten im Universit\u00e4tspark von Novi Sad als Studierendenbewegung im Kampf f\u00fcr Frieden und Freiheit gegr\u00fcndet wurde, hat im Laufe seiner Geschichte eine Reihe von Projekten mit sozialer Verantwortung ins Leben gerufen. Die soziale Verantwortung ist nach wie vor einer der Hauptaspekte des Festivals, was durch die Arbeit der <a href=\"https:\/\/www.exitfondacija.org\/en\/\" target=\"_blank\" rel=\"noopener\"><strong>EXIT-Stiftung<\/strong><\/a> zum Ausdruck kommt, deren Engagement sich auf die Entwicklung der Jugend und die F\u00f6rderung des Friedens, der Kreativwirtschaft, des Umweltschutzes und des Destination Branding konzentriert.[\/vc_column_text][vc_column_text css_animation=&#8220;none&#8220; css=&#8220;.vc_custom_1618410476430{margin-bottom: 10px !important;}&#8220;]<\/p>\n<h2>Life Stream<\/h2>\n<p>[\/vc_column_text][vc_single_image image=&#8220;124547&#8243; img_size=&#8220;full&#8220; alignment=&#8220;center&#8220;][vc_column_text css_animation=&#8220;none&#8220; css=&#8220;.vc_custom_1684206045560{margin-bottom: 10px !important;}&#8220;]Das EXIT-Festival hat in Zusammenarbeit mit<strong> dem World Food Programme der Vereinten Nationen<\/strong>, der gr\u00f6\u00dften humanit\u00e4ren Organisation der Welt, das <a href=\"https:\/\/savelife.stream\/en\" target=\"_blank\" rel=\"noopener\"><strong>Projekt Life Stream<\/strong><\/a> ins Leben gerufen. Ziel des Projekts ist es, sich mit kritischen Umweltfragen zu befassen und Millionen von Menschen auf der ganzen Welt zu helfen, die aufgrund der COVID-19-Pandemie an den Rand des Hungertods geraten sind.<\/p>\n<p>Life Stream wurde 2019 ins Leben gerufen und ist zusammen mit der Green \u042f:Evolution das bisher gr\u00f6\u00dfte Umweltprojekt von EXIT. Die Partnerschaft mit dem Weltern\u00e4hrungsprogramm der Vereinten Nationen erweitert die Reichweite dieses Projekts und hebt zwei entscheidende Handlungsmotive hervor &#8211; die Beendung des Hungers und die St\u00e4rkung der Widerstandsf\u00e4higkeit von Gemeinschaften gegen\u00fcber dem Klimawandel -, die angesichts der COVID-19-Bedrohung noch dringlicher geworden sind.[\/vc_column_text][vc_empty_space height=&#8220;30px&#8220; bb_tab_container=&#8220;&#8220;][vc_column_text css_animation=&#8220;none&#8220; css=&#8220;.vc_custom_1618410486742{margin-bottom: 10px !important;}&#8220;]<\/p>\n<h2>Green \u042f:Evolution<\/h2>\n<p>[\/vc_column_text][vc_single_image image=&#8220;124526&#8243; img_size=&#8220;full&#8220; alignment=&#8220;center&#8220;][vc_column_text css_animation=&#8220;none&#8220; css=&#8220;.vc_custom_1684206175790{margin-bottom: 10px !important;}&#8220;]<a href=\"https:\/\/zelenarevolucija.org\/en\/\" target=\"_blank\" rel=\"noopener\"><strong>Green \u042f:Evolution<\/strong><\/a> ist die gro\u00df angelegte \u00f6kologische Plattform des EXIT-Festivals, deren Ziel es ist, die \u00d6ffentlichkeit zu mobilisieren, um eine gro\u00dffl\u00e4chige Aufforstung im Land, in der Region und in der Welt in Gang zu setzen. Ziel ist es, in den kommenden Jahren allein in Serbien \u00fcber eine <strong>Million B\u00e4ume zu pflanzen!<\/strong><\/p>\n<p>Die erste Aufforstungsaktion wurde auf Fruska Gora in Zusammenarbeit mit der EU-Delegation in Serbien und in Anwesenheit des Ministeriums f\u00fcr Umweltschutz durchgef\u00fchrt. Die Kampagne wurde vom Nationalpark Fruska Gora, der Fakult\u00e4t f\u00fcr Forstwirtschaft der Universit\u00e4t Belgrad und der Umweltbewegung der Vojvodina (Pokret Gorana Vojvodine) unterst\u00fctzt.[\/vc_column_text][vc_empty_space height=&#8220;30px&#8220; bb_tab_container=&#8220;&#8220;][vc_column_text css_animation=&#8220;none&#8220; css=&#8220;.vc_custom_1618410495596{margin-bottom: 10px !important;}&#8220;]<\/p>\n<h2>Conscious R:evolution<\/h2>\n<p>[\/vc_column_text][vc_single_image image=&#8220;124533&#8243; img_size=&#8220;full&#8220; alignment=&#8220;center&#8220;][vc_column_text css_animation=&#8220;none&#8220; css=&#8220;.vc_custom_1684206226918{margin-bottom: 10px !important;}&#8220;]Anl\u00e4sslich seines zwanzigsten Geburtstags hat das EXIT-Festival <a href=\"https:\/\/consciousrevolution.life\" target=\"_blank\" rel=\"noopener\"><strong>Conscious R:Evolution<\/strong><\/a> ins Leben gerufen, eine Plattform, die einige der weltweit f\u00fchrenden Redner, K\u00fcnstler, Wissenschaftler, Unternehmer und Aktivisten zusammengebracht hat, um die m\u00f6glichen Richtungen <strong>der individuellen und kollektiven menschlichen Entwicklungen zu diskutieren<\/strong>. Zahlreiche Podiumsdiskussionen und kostenlose Workshops, die im Rahmen dieser Plattform stattfanden, finden Sie <a href=\"https:\/\/consciousrevolution.life\/events\/\" target=\"_blank\" rel=\"noopener\"><strong>hier<\/strong><\/a>.[\/vc_column_text][vc_empty_space height=&#8220;30px&#8220; bb_tab_container=&#8220;&#8220;][vc_column_text css_animation=&#8220;none&#8220; css=&#8220;.vc_custom_1618410504956{margin-bottom: 10px !important;}&#8220;]<\/p>\n<h2>EXIT strategy<\/h2>\n<p>[\/vc_column_text][vc_single_image image=&#8220;124540&#8243; img_size=&#8220;full&#8220; alignment=&#8220;center&#8220;][vc_column_text css_animation=&#8220;none&#8220; css=&#8220;.vc_custom_1684206277538{margin-bottom: 10px !important;}&#8220;]Angesichts der schwerwiegenden wirtschaftlichen Folgen der Pandemie hat EXIT eine internationale Online-Konferenz mit dem Titel <a href=\"https:\/\/www.exitfest.org\/en\/exit-strategy\/\" target=\"_blank\" rel=\"noopener\"><strong>EXIT-Strategy<\/strong><\/a> veranstaltet. Unter dem Motto &#8222;Wir schaffen gemeinsam einen Ausweg aus der Pandemie&#8220; versammelte die Konferenz in mehreren Panels einige der weltweit und regional f\u00fchrenden Expert*innen in den Bereichen Tourismus, Kultur, Events, Medien und anderen Bereichen des \u00f6ffentlichen Lebens, <strong>die \u00fcber die Zukunft des Tourismus und von Gro\u00dfveranstaltungen diskutierten.<\/strong>[\/vc_column_text][vc_empty_space height=&#8220;30px&#8220; bb_tab_container=&#8220;&#8220;][vc_column_text css_animation=&#8220;none&#8220; css=&#8220;.vc_custom_1618476050659{margin-bottom: 10px !important;}&#8220;]<\/p>\n<h2>Mental Health<\/h2>\n<p>[\/vc_column_text][vc_single_image image=&#8220;124556&#8243; img_size=&#8220;full&#8220; alignment=&#8220;center&#8220;][vc_column_text css_animation=&#8220;none&#8220; css=&#8220;.vc_custom_1684206356929{margin-bottom: 10px !important;}&#8220;]EXIT Festival setzt sich seit vielen Jahren f\u00fcr die F\u00f6rderung der <a href=\"https:\/\/www.exitfest.org\/en\/mental-health\/\"><strong>psychischen Gesundheit<\/strong><\/a> ein &#8211; sowohl f\u00fcr die psychische Gesundheit der Mitarbeiter*innen als auch f\u00fcr die der Festivalbesuchenden. Die Anerkennung dieses wichtigen Themas macht uns <strong>zu Pionieren in der Festivalbranche<\/strong>, und wir sind der festen \u00dcberzeugung, dass in Bezug auf die psychische Gesundheit eine neue \u00c4ra begonnen hat.[\/vc_column_text][vc_empty_space height=&#8220;30px&#8220; bb_tab_container=&#8220;&#8220;][vc_column_text css_animation=&#8220;none&#8220; css=&#8220;.vc_custom_1683199348669{margin-bottom: 10px !important;}&#8220;]<\/p>\n<h2>#StayClean<\/h2>\n<p>[\/vc_column_text][vc_single_image image=&#8220;247317&#8243; img_size=&#8220;full&#8220; alignment=&#8220;center&#8220;][vc_column_text css_animation=&#8220;none&#8220; css=&#8220;.vc_custom_1684206398376{margin-bottom: 10px !important;}&#8220;]<a href=\"https:\/\/stayclean.rs\/\" target=\"_blank\" rel=\"noopener\"><strong>&#8222;Stay Clean&#8220;<\/strong><\/a> war die Kampagne, die von der Stiftung EXIT im Jahr 2019 mit Unterst\u00fctzung des Gesundheitsministeriums und der Telekom Srbija initiiert und von McCann Belgrad mit Hilfe der Agentur Drive kreativ umgesetzt wurde. Die #StayClean-Kampagne hatte das Ziel, junge Menschen auf spielerische und einfache Weise auf die Aufkl\u00e4rungsinhalte \u00fcber die Gefahren von Drogen hinzuweisen, die vom Komitee gegen Drogensucht in Schulen auf der offiziellen Website Stayclean.rs pr\u00e4sentiert werden.<\/p>\n<p>Die Frage &#8222;Wei\u00dft du, woher deine Waren kommen?&#8220; lenkte auf mutige und faszinierende Weise die Aufmerksamkeit auf die sch\u00e4dlichen Folgen des Drogenkonsums, beleuchtete aber auch die unhygienischen Schmuggelbedingungen, die jeden dazu bringen sollten, sich die Frage zu stellen, ob er so etwas in seinem Leben haben m\u00f6chte. Die Kampagne bot zahlreiche n\u00fctzliche und leicht verst\u00e4ndliche Informationen \u00fcber verschiedene Bet\u00e4ubungsmittel und deren Einfluss auf die geistige und k\u00f6rperliche Gesundheit sowie weitere Inhalte, darunter Videospiele, die zeigen, welche Teile des menschlichen K\u00f6rpers f\u00fcr den Transport von Bet\u00e4ubungsmitteln auf sehr unhygienische Weise beansprucht werden.[\/vc_column_text][vc_empty_space height=&#8220;30px&#8220; bb_tab_container=&#8220;&#8220;][\/vc_column][\/vc_row]<\/p>\n<\/div>","protected":false},"excerpt":{"rendered":"<p>[vc_row el_class=&#8220;container-single uk-container-center&#8220; css=&#8220;.vc_custom_1547721991391{padding-top: 40px !important;}&#8220;][vc_column css_animation=&#8220;none&#8220; offset=&#8220;vc_col-lg-offset-2 vc_col-lg-8 vc_col-md-offset-2 vc_col-md-8&#8243;][vc_column_text css_animation=&#8220;none&#8220; css=&#8220;.vc_custom_1684205708252{margin-bottom: 10px !important;}&#8220;]Das EXIT-Festival, das vor zwei Jahrzehnten im Universit\u00e4tspark von Novi Sad als Studierendenbewegung im Kampf f\u00fcr<\/p>\n","protected":false},"author":1,"featured_media":0,"parent":0,"menu_order":37,"comment_status":"closed","ping_status":"closed","template":"page-with-hero.php","meta":{"_acf_changed":false,"footnotes":""},"class_list":["post-247698","page","type-page","status-publish","hentry"],"acf":[],"yoast_head":"<!-- This site is optimized with the Yoast SEO plugin v25.6 - https:\/\/yoast.com\/wordpress\/plugins\/seo\/ -->\n<title>EXIT Activism - EXIT Festival 2025<\/title>\n<meta name=\"description\" content=\"Das EXIT Festival wurde vor zwei Jahrzehnten im Universit\u00e4tspark von Novi Sad als Studentenbewegung im Kampf f\u00fcr Frieden und Freiheit gegr\u00fcndet und hat im Laufe seiner Geschichte eine Reihe sozial verantwortlicher Projekte ins Leben gerufen.\" \/>\n<meta name=\"robots\" content=\"index, follow, max-snippet:-1, max-image-preview:large, max-video-preview:-1\" \/>\n<link rel=\"canonical\" href=\"https:\/\/www.exitfest.org\/de\/exit-activism\" \/>\n<meta property=\"og:locale\" content=\"de_DE\" \/>\n<meta property=\"og:type\" content=\"article\" \/>\n<meta property=\"og:title\" content=\"EXIT Activism - EXIT Festival 2025\" \/>\n<meta property=\"og:description\" content=\"Das EXIT Festival wurde vor zwei Jahrzehnten im Universit\u00e4tspark von Novi Sad als Studentenbewegung im Kampf f\u00fcr Frieden und Freiheit gegr\u00fcndet und hat im Laufe seiner Geschichte eine Reihe sozial verantwortlicher Projekte ins Leben gerufen.\" \/>\n<meta property=\"og:url\" content=\"https:\/\/www.exitfest.org\/de\/exit-activism\" \/>\n<meta property=\"og:site_name\" content=\"EXIT Festival 2025\" \/>\n<meta property=\"article:publisher\" content=\"https:\/\/www.facebook.com\/exit.festival\" \/>\n<meta property=\"article:modified_time\" content=\"2023-05-16T03:09:56+00:00\" \/>\n<meta property=\"og:image\" content=\"https:\/\/www.exitfest.org\/wp-content\/uploads\/2024\/11\/state-of-exit-og-image-2025-exit.jpg\" \/>\n\t<meta property=\"og:image:width\" content=\"1920\" \/>\n\t<meta property=\"og:image:height\" content=\"1080\" \/>\n\t<meta property=\"og:image:type\" content=\"image\/jpeg\" \/>\n<meta name=\"twitter:card\" content=\"summary_large_image\" \/>\n<meta name=\"twitter:site\" content=\"@exitfestival\" \/>\n<script type=\"application\/ld+json\" class=\"yoast-schema-graph\">{\"@context\":\"https:\/\/schema.org\",\"@graph\":[{\"@type\":\"WebPage\",\"@id\":\"https:\/\/www.exitfest.org\/de\/exit-activism\",\"url\":\"https:\/\/www.exitfest.org\/de\/exit-activism\",\"name\":\"EXIT Activism - EXIT Festival 2025\",\"isPartOf\":{\"@id\":\"https:\/\/www.exitfest.org\/de#website\"},\"datePublished\":\"2023-05-16T02:52:46+00:00\",\"dateModified\":\"2023-05-16T03:09:56+00:00\",\"description\":\"Das EXIT Festival wurde vor zwei Jahrzehnten im Universit\u00e4tspark von Novi Sad als Studentenbewegung im Kampf f\u00fcr Frieden und Freiheit gegr\u00fcndet und hat im Laufe seiner Geschichte eine Reihe sozial verantwortlicher Projekte ins Leben gerufen.\",\"breadcrumb\":{\"@id\":\"https:\/\/www.exitfest.org\/de\/exit-activism#breadcrumb\"},\"inLanguage\":\"de\",\"potentialAction\":[{\"@type\":\"ReadAction\",\"target\":[\"https:\/\/www.exitfest.org\/de\/exit-activism\"]}]},{\"@type\":\"BreadcrumbList\",\"@id\":\"https:\/\/www.exitfest.org\/de\/exit-activism#breadcrumb\",\"itemListElement\":[{\"@type\":\"ListItem\",\"position\":1,\"name\":\"Po\u010detna\",\"item\":\"https:\/\/www.exitfest.org\/de\"},{\"@type\":\"ListItem\",\"position\":2,\"name\":\"EXIT Activism\"}]},{\"@type\":\"WebSite\",\"@id\":\"https:\/\/www.exitfest.org\/de#website\",\"url\":\"https:\/\/www.exitfest.org\/de\",\"name\":\"EXIT Festival 2025\",\"description\":\"\",\"publisher\":{\"@id\":\"https:\/\/www.exitfest.org\/de#organization\"},\"alternateName\":\"EXIT Festival\",\"potentialAction\":[{\"@type\":\"SearchAction\",\"target\":{\"@type\":\"EntryPoint\",\"urlTemplate\":\"https:\/\/www.exitfest.org\/de?s={search_term_string}\"},\"query-input\":{\"@type\":\"PropertyValueSpecification\",\"valueRequired\":true,\"valueName\":\"search_term_string\"}}],\"inLanguage\":\"de\"},{\"@type\":\"Organization\",\"@id\":\"https:\/\/www.exitfest.org\/de#organization\",\"name\":\"EXIT Festival\",\"alternateName\":\"EXIT\",\"url\":\"https:\/\/www.exitfest.org\/de\",\"logo\":{\"@type\":\"ImageObject\",\"inLanguage\":\"de\",\"@id\":\"https:\/\/www.exitfest.org\/de#\/schema\/logo\/image\/\",\"url\":\"https:\/\/www.exitfest.org\/wp-content\/uploads\/2023\/04\/exit-logo-696px.svg\",\"contentUrl\":\"https:\/\/www.exitfest.org\/wp-content\/uploads\/2023\/04\/exit-logo-696px.svg\",\"width\":1,\"height\":1,\"caption\":\"EXIT Festival\"},\"image\":{\"@id\":\"https:\/\/www.exitfest.org\/de#\/schema\/logo\/image\/\"},\"sameAs\":[\"https:\/\/www.facebook.com\/exit.festival\",\"https:\/\/x.com\/exitfestival\",\"https:\/\/instagram.com\/exitfestival\",\"https:\/\/www.linkedin.com\/company\/exit-festival\/\",\"https:\/\/www.youtube.com\/user\/EXITFestivalTV\",\"https:\/\/en.wikipedia.org\/wiki\/Exit_festival\",\"https:\/\/www.tiktok.com\/@exit_festival\",\"https:\/\/www.flickr.com\/photos\/exitfestival\",\"https:\/\/soundcloud.com\/exitfestival\",\"https:\/\/www.mixcloud.com\/exitfestival\/\",\"https:\/\/vb.me\/b827f5\",\"https:\/\/www.deezer.com\/en\/profile\/1441778382\",\"https:\/\/vk.com\/exitfestival\"]}]}<\/script>\n<!-- \/ Yoast SEO plugin. -->","yoast_head_json":{"title":"EXIT Activism - EXIT Festival 2025","description":"Das EXIT Festival wurde vor zwei Jahrzehnten im Universit\u00e4tspark von Novi Sad als Studentenbewegung im Kampf f\u00fcr Frieden und Freiheit gegr\u00fcndet und hat im Laufe seiner Geschichte eine Reihe sozial verantwortlicher Projekte ins Leben gerufen.","robots":{"index":"index","follow":"follow","max-snippet":"max-snippet:-1","max-image-preview":"max-image-preview:large","max-video-preview":"max-video-preview:-1"},"canonical":"https:\/\/www.exitfest.org\/de\/exit-activism","og_locale":"de_DE","og_type":"article","og_title":"EXIT Activism - EXIT Festival 2025","og_description":"Das EXIT Festival wurde vor zwei Jahrzehnten im Universit\u00e4tspark von Novi Sad als Studentenbewegung im Kampf f\u00fcr Frieden und Freiheit gegr\u00fcndet und hat im Laufe seiner Geschichte eine Reihe sozial verantwortlicher Projekte ins Leben gerufen.","og_url":"https:\/\/www.exitfest.org\/de\/exit-activism","og_site_name":"EXIT Festival 2025","article_publisher":"https:\/\/www.facebook.com\/exit.festival","article_modified_time":"2023-05-16T03:09:56+00:00","og_image":[{"width":1920,"height":1080,"url":"https:\/\/www.exitfest.org\/wp-content\/uploads\/2024\/11\/state-of-exit-og-image-2025-exit.jpg","type":"image\/jpeg"}],"twitter_card":"summary_large_image","twitter_site":"@exitfestival","schema":{"@context":"https:\/\/schema.org","@graph":[{"@type":"WebPage","@id":"https:\/\/www.exitfest.org\/de\/exit-activism","url":"https:\/\/www.exitfest.org\/de\/exit-activism","name":"EXIT Activism - EXIT Festival 2025","isPartOf":{"@id":"https:\/\/www.exitfest.org\/de#website"},"datePublished":"2023-05-16T02:52:46+00:00","dateModified":"2023-05-16T03:09:56+00:00","description":"Das EXIT Festival wurde vor zwei Jahrzehnten im Universit\u00e4tspark von Novi Sad als Studentenbewegung im Kampf f\u00fcr Frieden und Freiheit gegr\u00fcndet und hat im Laufe seiner Geschichte eine Reihe sozial verantwortlicher Projekte ins Leben gerufen.","breadcrumb":{"@id":"https:\/\/www.exitfest.org\/de\/exit-activism#breadcrumb"},"inLanguage":"de","potentialAction":[{"@type":"ReadAction","target":["https:\/\/www.exitfest.org\/de\/exit-activism"]}]},{"@type":"BreadcrumbList","@id":"https:\/\/www.exitfest.org\/de\/exit-activism#breadcrumb","itemListElement":[{"@type":"ListItem","position":1,"name":"Po\u010detna","item":"https:\/\/www.exitfest.org\/de"},{"@type":"ListItem","position":2,"name":"EXIT Activism"}]},{"@type":"WebSite","@id":"https:\/\/www.exitfest.org\/de#website","url":"https:\/\/www.exitfest.org\/de","name":"EXIT Festival 2025","description":"","publisher":{"@id":"https:\/\/www.exitfest.org\/de#organization"},"alternateName":"EXIT Festival","potentialAction":[{"@type":"SearchAction","target":{"@type":"EntryPoint","urlTemplate":"https:\/\/www.exitfest.org\/de?s={search_term_string}"},"query-input":{"@type":"PropertyValueSpecification","valueRequired":true,"valueName":"search_term_string"}}],"inLanguage":"de"},{"@type":"Organization","@id":"https:\/\/www.exitfest.org\/de#organization","name":"EXIT Festival","alternateName":"EXIT","url":"https:\/\/www.exitfest.org\/de","logo":{"@type":"ImageObject","inLanguage":"de","@id":"https:\/\/www.exitfest.org\/de#\/schema\/logo\/image\/","url":"https:\/\/www.exitfest.org\/wp-content\/uploads\/2023\/04\/exit-logo-696px.svg","contentUrl":"https:\/\/www.exitfest.org\/wp-content\/uploads\/2023\/04\/exit-logo-696px.svg","width":1,"height":1,"caption":"EXIT Festival"},"image":{"@id":"https:\/\/www.exitfest.org\/de#\/schema\/logo\/image\/"},"sameAs":["https:\/\/www.facebook.com\/exit.festival","https:\/\/x.com\/exitfestival","https:\/\/instagram.com\/exitfestival","https:\/\/www.linkedin.com\/company\/exit-festival\/","https:\/\/www.youtube.com\/user\/EXITFestivalTV","https:\/\/en.wikipedia.org\/wiki\/Exit_festival","https:\/\/www.tiktok.com\/@exit_festival","https:\/\/www.flickr.com\/photos\/exitfestival","https:\/\/soundcloud.com\/exitfestival","https:\/\/www.mixcloud.com\/exitfestival\/","https:\/\/vb.me\/b827f5","https:\/\/www.deezer.com\/en\/profile\/1441778382","https:\/\/vk.com\/exitfestival"]}]}},"_links":{"self":[{"href":"https:\/\/www.exitfest.org\/de\/wp-json\/wp\/v2\/pages\/247698","targetHints":{"allow":["GET"]}}],"collection":[{"href":"https:\/\/www.exitfest.org\/de\/wp-json\/wp\/v2\/pages"}],"about":[{"href":"https:\/\/www.exitfest.org\/de\/wp-json\/wp\/v2\/types\/page"}],"author":[{"embeddable":true,"href":"https:\/\/www.exitfest.org\/de\/wp-json\/wp\/v2\/users\/1"}],"replies":[{"embeddable":true,"href":"https:\/\/www.exitfest.org\/de\/wp-json\/wp\/v2\/comments?post=247698"}],"version-history":[{"count":4,"href":"https:\/\/www.exitfest.org\/de\/wp-json\/wp\/v2\/pages\/247698\/revisions"}],"predecessor-version":[{"id":247702,"href":"https:\/\/www.exitfest.org\/de\/wp-json\/wp\/v2\/pages\/247698\/revisions\/247702"}],"wp:attachment":[{"href":"https:\/\/www.exitfest.org\/de\/wp-json\/wp\/v2\/media?parent=247698"}],"curies":[{"name":"wp","href":"https:\/\/api.w.org\/{rel}","templated":true}]}}