{"id":7461,"date":"2018-10-09T08:43:53","date_gmt":"2018-10-09T08:43:53","guid":{"rendered":"https:\/\/www.exitfest.org\/?page_id=7461"},"modified":"2022-02-28T17:07:11","modified_gmt":"2022-02-28T16:07:11","slug":"news-en","status":"publish","type":"page","link":"https:\/\/www.exitfest.org\/en\/news-en","title":{"rendered":"News"},"content":{"rendered":"<div class=\"wpb-content-wrapper\"><p>[vc_row][vc_column][vc_column_text css=&#8221;.vc_custom_1576681959074{margin-bottom: 0px !important;}&#8221;]<section id=\"news-main\" class=\"uk-position-relative uk-text-center \" style=\"                        \r\n                        background: -webkit-gradient(linear, 0% 0%, 0% 100%, from(#4e00ed), to(#9427e8));\r\n                        background: -webkit-linear-gradient(left, #4e00ed, #9427e8);\r\n                        background: -moz-linear-gradient(left, #4e00ed, #9427e8);\r\n                        background: -o-linear-gradient(left, #4e00ed, #9427e8);\r\n                        background: -ms-linear-gradient(left, #4e00ed, #9427e8);\r\n                        background: linear-gradient(left, #4e00ed, #9427e8);\r\n                        background-color: #4e00ed;\">  \r\n                        <div class=\"news-overlay-image uk-height-1-1 uk-width-1-1 uk-position-absolute\" style=\"background: url(https:\/\/www.exitfest.org\/wp-content\/uploads\/2018\/03\/news-list-bg.png) top center repeat-y;\"><\/div>      \r\n                        <div class=\"container uk-container-center\">                    \r\n                            <h1>News<\/h1>\r\n                            <div id=\"news-grid\" class=\"news-grid\"><div class=\"news-grid-sizer\"><\/div>\r\n                                    <div class=\"news-gutter-sizer\"><\/div><div class=\"news-single-box uk-animation-slide-bottom news-single-double\">\r\n                                                <a href=\"https:\/\/www.exitfest.org\/en\/bridge-conference-partners-with-jukebox-ventures-on-1m-startup-accelerator\" aria-haspopup=\"true\" onclick=\"\">\r\n                                                    <div class=\"news-blended-image transition\" style=\"background: url(https:\/\/www.exitfest.org\/wp-content\/uploads\/2026\/03\/bridge-news.jpg) center center no-repeat; background-size: cover;\"><\/div> \r\n                                                    <div class=\"news-single-inner transition\">\r\n                                                        <div class=\"uk-overlay-panel uk-flex uk-flex-center uk-flex-middle uk-text-center\">\r\n                                                            <h2 class=\"transition\">Bridge Conference Partners with Jukebox Ventures on \u00a31m Startup Accelerator<\/h2>\r\n                                                        <\/div>\r\n                                                    <\/div>\r\n                                                <\/a>\r\n                                            <\/div><div class=\"news-single-box uk-animation-slide-bottom \">\r\n                                                <a href=\"https:\/\/www.exitfest.org\/en\/online-panel-uk-serbia-creative-scenes-collaboration-is-coming-on-april-2\" aria-haspopup=\"true\" onclick=\"\">\r\n                                                    <div class=\"news-blended-image transition\" style=\"background: url(https:\/\/www.exitfest.org\/wp-content\/uploads\/2026\/03\/shared-frequencies.jpg) center center no-repeat; background-size: cover;\"><\/div> \r\n                                                    <div class=\"news-single-inner transition\">\r\n                                                        <div class=\"uk-overlay-panel uk-flex uk-flex-center uk-flex-middle uk-text-center\">\r\n                                                            <h2 class=\"transition\">Online Panel: UK &#038; Serbia &#8211; Creative Scenes Collaboration Is Coming on April 2<\/h2>\r\n                                                        <\/div>\r\n                                                    <\/div>\r\n                                                <\/a>\r\n                                            <\/div><div class=\"news-single-box uk-animation-slide-bottom \">\r\n                                                <a href=\"https:\/\/www.exitfest.org\/en\/spanish-star-sends-a-message-this-will-be-my-last-performance-in-serbia-until-exit-and-freedom-return\" aria-haspopup=\"true\" onclick=\"\">\r\n                                                    <div class=\"news-blended-image transition\" style=\"background: url(https:\/\/www.exitfest.org\/wp-content\/uploads\/2026\/03\/Indira-Paganotto.jpg) center center no-repeat; background-size: cover;\"><\/div> \r\n                                                    <div class=\"news-single-inner transition\">\r\n                                                        <div class=\"uk-overlay-panel uk-flex uk-flex-center uk-flex-middle uk-text-center\">\r\n                                                            <h2 class=\"transition\">Spanish star sends a message: \u201cThis will be my last performance in Serbia until EXIT and freedom return!\u201d<\/h2>\r\n                                                        <\/div>\r\n                                                    <\/div>\r\n                                                <\/a>\r\n                                            <\/div><div class=\"news-single-box uk-animation-slide-bottom \">\r\n                                                <a href=\"https:\/\/www.exitfest.org\/en\/unique-eco-activist-performance-emergency-exit-now-available-on-exit-festivals-youtube-channel\" aria-haspopup=\"true\" onclick=\"\">\r\n                                                    <div class=\"news-blended-image transition\" style=\"background: url(https:\/\/www.exitfest.org\/wp-content\/uploads\/2026\/03\/EE-vest.jpg) center center no-repeat; background-size: cover;\"><\/div> \r\n                                                    <div class=\"news-single-inner transition\">\r\n                                                        <div class=\"uk-overlay-panel uk-flex uk-flex-center uk-flex-middle uk-text-center\">\r\n                                                            <h2 class=\"transition\">Unique Eco-Activist Performance EMERGENCY EXIT Now Available on EXIT Festival\u2019s YouTube Channel<\/h2>\r\n                                                        <\/div>\r\n                                                    <\/div>\r\n                                                <\/a>\r\n                                            <\/div><div class=\"news-single-box uk-animation-slide-bottom \">\r\n                                                <a href=\"https:\/\/www.exitfest.org\/en\/exit-celebrates-european-title-at-club-kran-on-14-february-with-sam-divine-lanna-tamara-kezz\" aria-haspopup=\"true\" onclick=\"\">\r\n                                                    <div class=\"news-blended-image transition\" style=\"background: url(https:\/\/www.exitfest.org\/wp-content\/uploads\/2026\/02\/shared-Frequencies.jpg) center center no-repeat; background-size: cover;\"><\/div> \r\n                                                    <div class=\"news-single-inner transition\">\r\n                                                        <div class=\"uk-overlay-panel uk-flex uk-flex-center uk-flex-middle uk-text-center\">\r\n                                                            <h2 class=\"transition\">EXIT Celebrates European Title at Club Kran on 14 February with Sam Divine, Lanna &#038; Tamara Kezz<\/h2>\r\n                                                        <\/div>\r\n                                                    <\/div>\r\n                                                <\/a>\r\n                                            <\/div><div class=\"news-single-box uk-animation-slide-bottom \">\r\n                                                <a href=\"https:\/\/www.exitfest.org\/en\/another-european-title-comes-to-serbia-exit-named-promoter-of-the-year-dedicates-award-to-students\" aria-haspopup=\"true\" onclick=\"\">\r\n                                                    <div class=\"news-blended-image transition\" style=\"background: url(https:\/\/www.exitfest.org\/wp-content\/uploads\/2026\/01\/EXIT-vesti-1.jpg) center center no-repeat; background-size: cover;\"><\/div> \r\n                                                    <div class=\"news-single-inner transition\">\r\n                                                        <div class=\"uk-overlay-panel uk-flex uk-flex-center uk-flex-middle uk-text-center\">\r\n                                                            <h2 class=\"transition\">Another European Title Comes to Serbia:  EXIT Named Promoter of the Year, Dedicates Award to Students!<\/h2>\r\n                                                        <\/div>\r\n                                                    <\/div>\r\n                                                <\/a>\r\n                                            <\/div><div class=\"news-single-box uk-animation-slide-bottom \">\r\n                                                <a href=\"https:\/\/www.exitfest.org\/en\/last-years-biggest-party-returns-with-a-bang-no-sleep-and-artcore-bring-indira-gigola-biia-to-belgrade\" aria-haspopup=\"true\" onclick=\"\">\r\n                                                    <div class=\"news-blended-image transition\" style=\"background: url(https:\/\/www.exitfest.org\/wp-content\/uploads\/2025\/12\/EXIT-Festival.jpg) center center no-repeat; background-size: cover;\"><\/div> \r\n                                                    <div class=\"news-single-inner transition\">\r\n                                                        <div class=\"uk-overlay-panel uk-flex uk-flex-center uk-flex-middle uk-text-center\">\r\n                                                            <h2 class=\"transition\">Last Year\u2019s Biggest Party Returns With a Bang! No Sleep and Artcore Bring Indira, Gigola &#038; BIIA to Belgrade!<\/h2>\r\n                                                        <\/div>\r\n                                                    <\/div>\r\n                                                <\/a>\r\n                                            <\/div><div class=\"news-single-box uk-animation-slide-bottom news-single-double\">\r\n                                                <a href=\"https:\/\/www.exitfest.org\/en\/sea-star-hits-the-gas-to-close-the-year-hip-hop-icon-xzibit-confirmed-for-umag\" aria-haspopup=\"true\" onclick=\"\">\r\n                                                    <div class=\"news-blended-image transition\" style=\"background: url(https:\/\/www.exitfest.org\/wp-content\/uploads\/2025\/12\/Xzibit-exit.jpg) center center no-repeat; background-size: cover;\"><\/div> \r\n                                                    <div class=\"news-single-inner transition\">\r\n                                                        <div class=\"uk-overlay-panel uk-flex uk-flex-center uk-flex-middle uk-text-center\">\r\n                                                            <h2 class=\"transition\">Sea Star Hits the Gas to Close the Year: Hip-hop Icon Xzibit Confirmed for Umag!<\/h2>\r\n                                                        <\/div>\r\n                                                    <\/div>\r\n                                                <\/a>\r\n                                            <\/div><div class=\"news-single-box uk-animation-slide-bottom \">\r\n                                                <a href=\"https:\/\/www.exitfest.org\/en\/exit-chosen-among-the-best-festivals-in-europe-reaching-the-finals-in-four-prestigious-european-festival-award-categories\" aria-haspopup=\"true\" onclick=\"\">\r\n                                                    <div class=\"news-blended-image transition\" style=\"background: url(https:\/\/www.exitfest.org\/wp-content\/uploads\/2025\/12\/EXITFestival.jpg) center center no-repeat; background-size: cover;\"><\/div> \r\n                                                    <div class=\"news-single-inner transition\">\r\n                                                        <div class=\"uk-overlay-panel uk-flex uk-flex-center uk-flex-middle uk-text-center\">\r\n                                                            <h2 class=\"transition\">EXIT Chosen Among the Best Festivals in Europe \u2013 Reaching the Finals in Four Prestigious European Festival Award Categories<\/h2>\r\n                                                        <\/div>\r\n                                                    <\/div>\r\n                                                <\/a>\r\n                                            <\/div><div class=\"news-single-box uk-animation-slide-bottom \">\r\n                                                <a href=\"https:\/\/www.exitfest.org\/en\/boris-brejcha-and-the-olympic-opening-ceremony-troupe-bring-their-spectacle-to-the-eighth-sea-star-festival\" aria-haspopup=\"true\" onclick=\"\">\r\n                                                    <div class=\"news-blended-image transition\" style=\"background: url(https:\/\/www.exitfest.org\/wp-content\/uploads\/2025\/12\/exit-vest-1.jpg) center center no-repeat; background-size: cover;\"><\/div> \r\n                                                    <div class=\"news-single-inner transition\">\r\n                                                        <div class=\"uk-overlay-panel uk-flex uk-flex-center uk-flex-middle uk-text-center\">\r\n                                                            <h2 class=\"transition\">Boris Brejcha and the Olympic Opening Ceremony Troupe Bring Their Spectacle to the Eighth Sea Star Festival!<\/h2>\r\n                                                        <\/div>\r\n                                                    <\/div>\r\n                                                <\/a>\r\n                                            <\/div><div class=\"news-single-box uk-animation-slide-bottom \">\r\n                                                <a href=\"https:\/\/www.exitfest.org\/en\/representatives-of-serbias-independent-cultural-and-creative-scene-meet-informally-with-irena-joveva-europe-has-a-moral-duty-to-support-the-cultural-sector-in-serbia\" aria-haspopup=\"true\" onclick=\"\">\r\n                                                    <div class=\"news-blended-image transition\" style=\"background: url(https:\/\/www.exitfest.org\/wp-content\/uploads\/2025\/11\/exit_vest-1.jpg) center center no-repeat; background-size: cover;\"><\/div> \r\n                                                    <div class=\"news-single-inner transition\">\r\n                                                        <div class=\"uk-overlay-panel uk-flex uk-flex-center uk-flex-middle uk-text-center\">\r\n                                                            <h2 class=\"transition\">Representatives of Serbia\u2019s Independent Cultural and Creative Scene Meet Informally with Irena Joveva: \u201cEurope Has a Moral Duty to Support the Cultural Sector in Serbia\u201d<\/h2>\r\n                                                        <\/div>\r\n                                                    <\/div>\r\n                                                <\/a>\r\n                                            <\/div><div class=\"news-single-box uk-animation-slide-bottom \">\r\n                                                <a href=\"https:\/\/www.exitfest.org\/en\/dusan-kovacevic-at-the-european-parliament-europe-must-save-civil-society-and-the-cultural-sector-in-serbia\" aria-haspopup=\"true\" onclick=\"\">\r\n                                                    <div class=\"news-blended-image transition\" style=\"background: url(https:\/\/www.exitfest.org\/wp-content\/uploads\/2025\/11\/EXIT_vest.jpg) center center no-repeat; background-size: cover;\"><\/div> \r\n                                                    <div class=\"news-single-inner transition\">\r\n                                                        <div class=\"uk-overlay-panel uk-flex uk-flex-center uk-flex-middle uk-text-center\">\r\n                                                            <h2 class=\"transition\">Du\u0161an Kova\u010devi\u0107 at the European Parliament: Europe Must Save Civil Society and the Cultural Sector in Serbia<\/h2>\r\n                                                        <\/div>\r\n                                                    <\/div>\r\n                                                <\/a>\r\n                                            <\/div><\/div>\r\n\r\n                            <div class=\"scroller-status\">\r\n                                <div class=\"loader-ellips infinite-scroll-request\">\r\n                                    <span class=\"loader-ellips__dot\"><\/span>\r\n                                    <span class=\"loader-ellips__dot\"><\/span>\r\n                                    <span class=\"loader-ellips__dot\"><\/span>\r\n                                    <span class=\"loader-ellips__dot\"><\/span>\r\n                                <\/div>\r\n                            <\/div>\r\n\r\n                            <nav class=\"pagination uk-hidden\">\r\n                                <div class=\"prev-posts-link alignright\"><a href=\"https:\/\/www.exitfest.org\/en\/wp-json\/wp\/v2\/pages\/7461\/page\/2\" >Older Entries<\/a><\/div>\r\n                                <div class=\"next-posts-link alignleft\"><\/div>\r\n                            <\/nav>\r\n\r\n                        <\/div>\r\n                    <\/section>[\/vc_column_text][\/vc_column][\/vc_row]<\/p>\n<\/div>","protected":false},"excerpt":{"rendered":"<p>[vc_row][vc_column][vc_column_text css=&#8221;.vc_custom_1576681959074{margin-bottom: 0px !important;}&#8221;][\/vc_column_text][\/vc_column][\/vc_row]<\/p>\n","protected":false},"author":1,"featured_media":0,"parent":0,"menu_order":66,"comment_status":"closed","ping_status":"closed","template":"","meta":{"_acf_changed":false,"footnotes":""},"class_list":["post-7461","page","type-page","status-publish","hentry"],"acf":[],"yoast_head":"<!-- This site is optimized with the Yoast SEO plugin v25.6 - https:\/\/yoast.com\/wordpress\/plugins\/seo\/ -->\n<title>News - EXIT Festival 2025<\/title>\n<meta name=\"description\" content=\"Latest news and information regarding EXIT Festival 2022.\" \/>\n<meta name=\"robots\" content=\"index, follow, max-snippet:-1, max-image-preview:large, max-video-preview:-1\" \/>\n<link rel=\"canonical\" href=\"https:\/\/www.exitfest.org\/en\/news-en\" \/>\n<meta property=\"og:locale\" content=\"en_US\" \/>\n<meta property=\"og:type\" content=\"article\" \/>\n<meta property=\"og:title\" content=\"News - EXIT Festival 2025\" \/>\n<meta property=\"og:description\" content=\"Latest news and information regarding EXIT Festival 2022.\" \/>\n<meta property=\"og:url\" content=\"https:\/\/www.exitfest.org\/en\/news-en\" \/>\n<meta property=\"og:site_name\" content=\"EXIT Festival 2025\" \/>\n<meta property=\"article:publisher\" content=\"https:\/\/www.facebook.com\/exit.festival\" \/>\n<meta property=\"article:modified_time\" content=\"2022-02-28T16:07:11+00:00\" \/>\n<meta property=\"og:image\" content=\"https:\/\/www.exitfest.org\/wp-content\/uploads\/2024\/11\/state-of-exit-og-image-2025-exit.jpg\" \/>\n\t<meta property=\"og:image:width\" content=\"1920\" \/>\n\t<meta property=\"og:image:height\" content=\"1080\" \/>\n\t<meta property=\"og:image:type\" content=\"image\/jpeg\" \/>\n<meta name=\"twitter:card\" content=\"summary_large_image\" \/>\n<meta name=\"twitter:site\" content=\"@exitfestival\" \/>\n<script type=\"application\/ld+json\" class=\"yoast-schema-graph\">{\"@context\":\"https:\/\/schema.org\",\"@graph\":[{\"@type\":\"WebPage\",\"@id\":\"https:\/\/www.exitfest.org\/en\/news-en\",\"url\":\"https:\/\/www.exitfest.org\/en\/news-en\",\"name\":\"News - EXIT Festival 2025\",\"isPartOf\":{\"@id\":\"https:\/\/www.exitfest.org\/en#website\"},\"datePublished\":\"2018-10-09T08:43:53+00:00\",\"dateModified\":\"2022-02-28T16:07:11+00:00\",\"description\":\"Latest news and information regarding EXIT Festival 2022.\",\"breadcrumb\":{\"@id\":\"https:\/\/www.exitfest.org\/en\/news-en#breadcrumb\"},\"inLanguage\":\"en-US\",\"potentialAction\":[{\"@type\":\"ReadAction\",\"target\":[\"https:\/\/www.exitfest.org\/en\/news-en\"]}]},{\"@type\":\"BreadcrumbList\",\"@id\":\"https:\/\/www.exitfest.org\/en\/news-en#breadcrumb\",\"itemListElement\":[{\"@type\":\"ListItem\",\"position\":1,\"name\":\"Po\u010detna\",\"item\":\"https:\/\/www.exitfest.org\/en\"},{\"@type\":\"ListItem\",\"position\":2,\"name\":\"News\"}]},{\"@type\":\"WebSite\",\"@id\":\"https:\/\/www.exitfest.org\/en#website\",\"url\":\"https:\/\/www.exitfest.org\/en\",\"name\":\"EXIT Festival 2025\",\"description\":\"\",\"publisher\":{\"@id\":\"https:\/\/www.exitfest.org\/en#organization\"},\"alternateName\":\"EXIT Festival\",\"potentialAction\":[{\"@type\":\"SearchAction\",\"target\":{\"@type\":\"EntryPoint\",\"urlTemplate\":\"https:\/\/www.exitfest.org\/en?s={search_term_string}\"},\"query-input\":{\"@type\":\"PropertyValueSpecification\",\"valueRequired\":true,\"valueName\":\"search_term_string\"}}],\"inLanguage\":\"en-US\"},{\"@type\":\"Organization\",\"@id\":\"https:\/\/www.exitfest.org\/en#organization\",\"name\":\"EXIT Festival\",\"alternateName\":\"EXIT\",\"url\":\"https:\/\/www.exitfest.org\/en\",\"logo\":{\"@type\":\"ImageObject\",\"inLanguage\":\"en-US\",\"@id\":\"https:\/\/www.exitfest.org\/en#\/schema\/logo\/image\/\",\"url\":\"https:\/\/www.exitfest.org\/wp-content\/uploads\/2023\/04\/exit-logo-696px.svg\",\"contentUrl\":\"https:\/\/www.exitfest.org\/wp-content\/uploads\/2023\/04\/exit-logo-696px.svg\",\"width\":1,\"height\":1,\"caption\":\"EXIT Festival\"},\"image\":{\"@id\":\"https:\/\/www.exitfest.org\/en#\/schema\/logo\/image\/\"},\"sameAs\":[\"https:\/\/www.facebook.com\/exit.festival\",\"https:\/\/x.com\/exitfestival\",\"https:\/\/instagram.com\/exitfestival\",\"https:\/\/www.linkedin.com\/company\/exit-festival\/\",\"https:\/\/www.youtube.com\/user\/EXITFestivalTV\",\"https:\/\/en.wikipedia.org\/wiki\/Exit_festival\",\"https:\/\/www.tiktok.com\/@exit_festival\",\"https:\/\/www.flickr.com\/photos\/exitfestival\",\"https:\/\/soundcloud.com\/exitfestival\",\"https:\/\/www.mixcloud.com\/exitfestival\/\",\"https:\/\/vb.me\/b827f5\",\"https:\/\/www.deezer.com\/en\/profile\/1441778382\",\"https:\/\/vk.com\/exitfestival\"]}]}<\/script>\n<!-- \/ Yoast SEO plugin. -->","yoast_head_json":{"title":"News - EXIT Festival 2025","description":"Latest news and information regarding EXIT Festival 2022.","robots":{"index":"index","follow":"follow","max-snippet":"max-snippet:-1","max-image-preview":"max-image-preview:large","max-video-preview":"max-video-preview:-1"},"canonical":"https:\/\/www.exitfest.org\/en\/news-en","og_locale":"en_US","og_type":"article","og_title":"News - EXIT Festival 2025","og_description":"Latest news and information regarding EXIT Festival 2022.","og_url":"https:\/\/www.exitfest.org\/en\/news-en","og_site_name":"EXIT Festival 2025","article_publisher":"https:\/\/www.facebook.com\/exit.festival","article_modified_time":"2022-02-28T16:07:11+00:00","og_image":[{"width":1920,"height":1080,"url":"https:\/\/www.exitfest.org\/wp-content\/uploads\/2024\/11\/state-of-exit-og-image-2025-exit.jpg","type":"image\/jpeg"}],"twitter_card":"summary_large_image","twitter_site":"@exitfestival","schema":{"@context":"https:\/\/schema.org","@graph":[{"@type":"WebPage","@id":"https:\/\/www.exitfest.org\/en\/news-en","url":"https:\/\/www.exitfest.org\/en\/news-en","name":"News - EXIT Festival 2025","isPartOf":{"@id":"https:\/\/www.exitfest.org\/en#website"},"datePublished":"2018-10-09T08:43:53+00:00","dateModified":"2022-02-28T16:07:11+00:00","description":"Latest news and information regarding EXIT Festival 2022.","breadcrumb":{"@id":"https:\/\/www.exitfest.org\/en\/news-en#breadcrumb"},"inLanguage":"en-US","potentialAction":[{"@type":"ReadAction","target":["https:\/\/www.exitfest.org\/en\/news-en"]}]},{"@type":"BreadcrumbList","@id":"https:\/\/www.exitfest.org\/en\/news-en#breadcrumb","itemListElement":[{"@type":"ListItem","position":1,"name":"Po\u010detna","item":"https:\/\/www.exitfest.org\/en"},{"@type":"ListItem","position":2,"name":"News"}]},{"@type":"WebSite","@id":"https:\/\/www.exitfest.org\/en#website","url":"https:\/\/www.exitfest.org\/en","name":"EXIT Festival 2025","description":"","publisher":{"@id":"https:\/\/www.exitfest.org\/en#organization"},"alternateName":"EXIT Festival","potentialAction":[{"@type":"SearchAction","target":{"@type":"EntryPoint","urlTemplate":"https:\/\/www.exitfest.org\/en?s={search_term_string}"},"query-input":{"@type":"PropertyValueSpecification","valueRequired":true,"valueName":"search_term_string"}}],"inLanguage":"en-US"},{"@type":"Organization","@id":"https:\/\/www.exitfest.org\/en#organization","name":"EXIT Festival","alternateName":"EXIT","url":"https:\/\/www.exitfest.org\/en","logo":{"@type":"ImageObject","inLanguage":"en-US","@id":"https:\/\/www.exitfest.org\/en#\/schema\/logo\/image\/","url":"https:\/\/www.exitfest.org\/wp-content\/uploads\/2023\/04\/exit-logo-696px.svg","contentUrl":"https:\/\/www.exitfest.org\/wp-content\/uploads\/2023\/04\/exit-logo-696px.svg","width":1,"height":1,"caption":"EXIT Festival"},"image":{"@id":"https:\/\/www.exitfest.org\/en#\/schema\/logo\/image\/"},"sameAs":["https:\/\/www.facebook.com\/exit.festival","https:\/\/x.com\/exitfestival","https:\/\/instagram.com\/exitfestival","https:\/\/www.linkedin.com\/company\/exit-festival\/","https:\/\/www.youtube.com\/user\/EXITFestivalTV","https:\/\/en.wikipedia.org\/wiki\/Exit_festival","https:\/\/www.tiktok.com\/@exit_festival","https:\/\/www.flickr.com\/photos\/exitfestival","https:\/\/soundcloud.com\/exitfestival","https:\/\/www.mixcloud.com\/exitfestival\/","https:\/\/vb.me\/b827f5","https:\/\/www.deezer.com\/en\/profile\/1441778382","https:\/\/vk.com\/exitfestival"]}]}},"_links":{"self":[{"href":"https:\/\/www.exitfest.org\/en\/wp-json\/wp\/v2\/pages\/7461","targetHints":{"allow":["GET"]}}],"collection":[{"href":"https:\/\/www.exitfest.org\/en\/wp-json\/wp\/v2\/pages"}],"about":[{"href":"https:\/\/www.exitfest.org\/en\/wp-json\/wp\/v2\/types\/page"}],"author":[{"embeddable":true,"href":"https:\/\/www.exitfest.org\/en\/wp-json\/wp\/v2\/users\/1"}],"replies":[{"embeddable":true,"href":"https:\/\/www.exitfest.org\/en\/wp-json\/wp\/v2\/comments?post=7461"}],"version-history":[{"count":0,"href":"https:\/\/www.exitfest.org\/en\/wp-json\/wp\/v2\/pages\/7461\/revisions"}],"wp:attachment":[{"href":"https:\/\/www.exitfest.org\/en\/wp-json\/wp\/v2\/media?parent=7461"}],"curies":[{"name":"wp","href":"https:\/\/api.w.org\/{rel}","templated":true}]}}