{"id":229278,"date":"2019-10-01T11:47:52","date_gmt":"2019-10-01T09:47:52","guid":{"rendered":"https:\/\/www.exitfest.org\/mental-health"},"modified":"2023-02-02T12:00:50","modified_gmt":"2023-02-02T11:00:50","slug":"mental-health-es","status":"publish","type":"page","link":"https:\/\/www.exitfest.org\/es\/mental-health-es","title":{"rendered":"Salud Mental"},"content":{"rendered":"<div class=\"wpb-content-wrapper\"><p>[vc_row el_class=\u00bbcontainer-single uk-container-center\u00bb css=\u00bb.vc_custom_1547721991391{padding-top: 40px !important;}\u00bb][vc_column css_animation=\u00bbnone\u00bb offset=\u00bbvc_col-lg-offset-2 vc_col-lg-8 vc_col-md-offset-2 vc_col-md-8&#8243;][vc_column_text css_animation=\u00bbnone\u00bb css=\u00bb.vc_custom_1675335311138{margin-bottom: 10px !important;}\u00bb bb_tab_container=\u00bb\u00bb]<strong>EXIT Festival<\/strong> ha estado trabajando en la promoci\u00f3n de la <strong>consciencia sobre la salud mental<\/strong> durante a\u00f1os, tanto la atenci\u00f3n de la salud mental de sus empleados como la de los visitantes del festival. El reconocimiento de este importante tema nos convierte en pioneros en la industria de los festivales y creemos profundamente que, en lo que respecta a la salud mental, ha comenzado una nueva era.<\/p>\n<p>Las personas que trabajan en industrias creativas est\u00e1n continuamente expuestas a estr\u00e9s debido a la naturaleza particular de este trabajo. Las estad\u00edsticas lo confirman, afirmando que alrededor del 75% de las personas que trabajan en la industria de los festivales en alg\u00fan momento experimentaron ansiedad, depresi\u00f3n, agotamiento o problemas de salud relacionados con el estr\u00e9s.<\/p>\n<p>Desde hace un tiempo venimos creando un contexto en el que todas las personas que empleamos y contratamos puedan trabajar en condiciones y ambiente de trabajo agradables, que es la principal responsabilidad de nuestro <strong>sector de Bienestar<\/strong>. Adicionalmente, en cualquier momento del a\u00f1o, nuestros empleados reciben apoyo psicol\u00f3gico y emocional, para lo cual contamos con profesionales de la salud mental con a\u00f1os de experiencia.<\/p>\n<p>Durante el festival, a nuestro equipo de profesionales se suman varios psic\u00f3logos y psicoterapeutas, con el fin de cubrir todas las posibles necesidades y cuidar a las personas, tanto a las de la organizaci\u00f3n como a los artistas, en caso de que surja la necesidad.[\/vc_column_text][\/vc_column][\/vc_row][vc_row][vc_column css_animation=\u00bbnone\u00bb offset=\u00bbvc_col-lg-offset-2 vc_col-lg-8 vc_col-md-12 vc_col-xs-12&#8243;][vc_single_image image=\u00bb104791&#8243; img_size=\u00bbfull\u00bb alignment=\u00bbcenter\u00bb css_animation=\u00bbnone\u00bb bbvcedo_x_large_csstypo=\u00bb.bb_custom_1569923048188{text-align:center!important;}\u00bb bbvcedo_large_csstypo=\u00bb.bb_custom_1569923048189{text-align:center!important;}\u00bb bbvcedo_medium_csstypo=\u00bb.bb_custom_1569923048189{text-align:center!important;}\u00bb bbvcedo_small_csstypo=\u00bb.bb_custom_1569923048189{text-align:center!important;}\u00bb][\/vc_column][\/vc_row][vc_row el_class=\u00bbcontainer-single uk-container-center\u00bb css=\u00bb.vc_custom_1540050342225{padding-bottom: 50px !important;}\u00bb][vc_column css_animation=\u00bbnone\u00bb offset=\u00bbvc_col-lg-offset-2 vc_col-lg-8 vc_col-md-offset-2 vc_col-md-8 vc_col-xs-12&#8243;][vc_column_text css_animation=\u00bbnone\u00bb bb_tab_container=\u00bb\u00bb]Adem\u00e1s, EXIT Festival tambi\u00e9n se ocupa de sus visitantes, con la <a href=\"https:\/\/www.centarsrce.org\/\">ONG Srce<\/a> a cargo del apoyo psicol\u00f3gico para nuestros invitados. Es un centro para la prevenci\u00f3n del suicidio y nuestra cooperaci\u00f3n ha sido excelente a lo largo de los a\u00f1os. Los voluntarios capacitados de esta organizaci\u00f3n brindan apoyo a los visitantes durante el propio festival, as\u00ed como en el zona de acampada del festival. En la zona de camping tambi\u00e9n se organizan actividades de bienestar, como atenci\u00f3n plena, meditaci\u00f3n, reuniones de AA, clases de yoga, etc.<\/p>\n<p>Oradores de renombre internacional han conversado con decenas de miles de personas desde el Escenario Principal, con discursos de apoyo se\u00f1alando la importancia de cuidarse unos a otros, as\u00ed como despertar el sentimiento de compasi\u00f3n y comprensi\u00f3n mutua entre las personas respecto a las diferencias individuales y las dificultades que nos encontramos en la sociedad moderna.<\/p>\n<p>Uno de los valores del festival es seguramente su enorme potencial para crear una consciencia diferente con generaciones enteras de j\u00f3venes en todo el espectro de la salud mental, para continuar enviando el mensaje de que est\u00e1 bien pedir ayuda y de c\u00f3mo es imposible que todos se sientan bien en cada momento de sus vidas, algo que todos buscamos.<\/p>\n<p>\u00a1Cu\u00eddate a ti mismo, cuida a los dem\u00e1s y este mundo ser\u00e1 un lugar mucho m\u00e1s agradable y mejor para vivir!<\/p>\n<p>\u00a1Acabamos de empezar!<\/p>\n<p>#todossomosiguales #noestassolo #saludmental<\/p>\n<p>#weareallthesame #youarenotalone #sharelove #mentalhealthawareness[\/vc_column_text][\/vc_column][\/vc_row]<\/p>\n<\/div>","protected":false},"excerpt":{"rendered":"<p>[vc_row el_class=\u00bbcontainer-single uk-container-center\u00bb css=\u00bb.vc_custom_1547721991391{padding-top: 40px !important;}\u00bb][vc_column css_animation=\u00bbnone\u00bb offset=\u00bbvc_col-lg-offset-2 vc_col-lg-8 vc_col-md-offset-2 vc_col-md-8&#8243;][vc_column_text css_animation=\u00bbnone\u00bb css=\u00bb.vc_custom_1675335311138{margin-bottom: 10px !important;}\u00bb bb_tab_container=\u00bb\u00bb]EXIT Festival ha estado trabajando en la promoci\u00f3n de la consciencia sobre la salud mental<\/p>\n","protected":false},"author":1,"featured_media":104790,"parent":0,"menu_order":41,"comment_status":"closed","ping_status":"closed","template":"page-with-hero.php","meta":{"_acf_changed":false,"footnotes":""},"class_list":["post-229278","page","type-page","status-publish","has-post-thumbnail","hentry"],"acf":[],"yoast_head":"<!-- This site is optimized with the Yoast SEO plugin v25.6 - https:\/\/yoast.com\/wordpress\/plugins\/seo\/ -->\n<title>Salud Mental - EXIT Festival 2025<\/title>\n<meta name=\"description\" content=\"EXIT Festival ha estado trabajando en promover la consciencia sobre la salud mental durante a\u00f1os, tanto la atenci\u00f3n de la salud mental de sus empleados como la de los visitantes del festival\" \/>\n<meta name=\"robots\" content=\"index, follow, max-snippet:-1, max-image-preview:large, max-video-preview:-1\" \/>\n<link rel=\"canonical\" href=\"https:\/\/www.exitfest.org\/es\/mental-health-es\" \/>\n<meta property=\"og:locale\" content=\"es_ES\" \/>\n<meta property=\"og:type\" content=\"article\" \/>\n<meta property=\"og:title\" content=\"Salud Mental - EXIT Festival 2025\" \/>\n<meta property=\"og:description\" content=\"EXIT Festival ha estado trabajando en promover la consciencia sobre la salud mental durante a\u00f1os, tanto la atenci\u00f3n de la salud mental de sus empleados como la de los visitantes del festival\" \/>\n<meta property=\"og:url\" content=\"https:\/\/www.exitfest.org\/es\/mental-health-es\" \/>\n<meta property=\"og:site_name\" content=\"EXIT Festival 2025\" \/>\n<meta property=\"article:publisher\" content=\"https:\/\/www.facebook.com\/exit.festival\" \/>\n<meta property=\"article:modified_time\" content=\"2023-02-02T11:00:50+00:00\" \/>\n<meta property=\"og:image\" content=\"https:\/\/www.exitfest.org\/wp-content\/uploads\/2019\/10\/you-are-not-alone-featured.jpg\" \/>\n\t<meta property=\"og:image:width\" content=\"1300\" \/>\n\t<meta property=\"og:image:height\" content=\"600\" \/>\n\t<meta property=\"og:image:type\" content=\"image\/jpeg\" \/>\n<meta name=\"twitter:card\" content=\"summary_large_image\" \/>\n<meta name=\"twitter:site\" content=\"@exitfestival\" \/>\n<script type=\"application\/ld+json\" class=\"yoast-schema-graph\">{\"@context\":\"https:\/\/schema.org\",\"@graph\":[{\"@type\":\"WebPage\",\"@id\":\"https:\/\/www.exitfest.org\/es\/mental-health-es\",\"url\":\"https:\/\/www.exitfest.org\/es\/mental-health-es\",\"name\":\"Salud Mental - EXIT Festival 2025\",\"isPartOf\":{\"@id\":\"https:\/\/www.exitfest.org\/es#website\"},\"primaryImageOfPage\":{\"@id\":\"https:\/\/www.exitfest.org\/es\/mental-health-es#primaryimage\"},\"image\":{\"@id\":\"https:\/\/www.exitfest.org\/es\/mental-health-es#primaryimage\"},\"thumbnailUrl\":\"https:\/\/www.exitfest.org\/wp-content\/uploads\/2019\/10\/you-are-not-alone-featured.jpg\",\"datePublished\":\"2019-10-01T09:47:52+00:00\",\"dateModified\":\"2023-02-02T11:00:50+00:00\",\"description\":\"EXIT Festival ha estado trabajando en promover la consciencia sobre la salud mental durante a\u00f1os, tanto la atenci\u00f3n de la salud mental de sus empleados como la de los visitantes del festival\",\"breadcrumb\":{\"@id\":\"https:\/\/www.exitfest.org\/es\/mental-health-es#breadcrumb\"},\"inLanguage\":\"es\",\"potentialAction\":[{\"@type\":\"ReadAction\",\"target\":[\"https:\/\/www.exitfest.org\/es\/mental-health-es\"]}]},{\"@type\":\"ImageObject\",\"inLanguage\":\"es\",\"@id\":\"https:\/\/www.exitfest.org\/es\/mental-health-es#primaryimage\",\"url\":\"https:\/\/www.exitfest.org\/wp-content\/uploads\/2019\/10\/you-are-not-alone-featured.jpg\",\"contentUrl\":\"https:\/\/www.exitfest.org\/wp-content\/uploads\/2019\/10\/you-are-not-alone-featured.jpg\",\"width\":1300,\"height\":600},{\"@type\":\"BreadcrumbList\",\"@id\":\"https:\/\/www.exitfest.org\/es\/mental-health-es#breadcrumb\",\"itemListElement\":[{\"@type\":\"ListItem\",\"position\":1,\"name\":\"Po\u010detna\",\"item\":\"https:\/\/www.exitfest.org\/es\"},{\"@type\":\"ListItem\",\"position\":2,\"name\":\"Salud Mental\"}]},{\"@type\":\"WebSite\",\"@id\":\"https:\/\/www.exitfest.org\/es#website\",\"url\":\"https:\/\/www.exitfest.org\/es\",\"name\":\"EXIT Festival 2025\",\"description\":\"\",\"publisher\":{\"@id\":\"https:\/\/www.exitfest.org\/es#organization\"},\"alternateName\":\"EXIT Festival\",\"potentialAction\":[{\"@type\":\"SearchAction\",\"target\":{\"@type\":\"EntryPoint\",\"urlTemplate\":\"https:\/\/www.exitfest.org\/es?s={search_term_string}\"},\"query-input\":{\"@type\":\"PropertyValueSpecification\",\"valueRequired\":true,\"valueName\":\"search_term_string\"}}],\"inLanguage\":\"es\"},{\"@type\":\"Organization\",\"@id\":\"https:\/\/www.exitfest.org\/es#organization\",\"name\":\"EXIT Festival\",\"alternateName\":\"EXIT\",\"url\":\"https:\/\/www.exitfest.org\/es\",\"logo\":{\"@type\":\"ImageObject\",\"inLanguage\":\"es\",\"@id\":\"https:\/\/www.exitfest.org\/es#\/schema\/logo\/image\/\",\"url\":\"https:\/\/www.exitfest.org\/wp-content\/uploads\/2023\/04\/exit-logo-696px.svg\",\"contentUrl\":\"https:\/\/www.exitfest.org\/wp-content\/uploads\/2023\/04\/exit-logo-696px.svg\",\"width\":1,\"height\":1,\"caption\":\"EXIT Festival\"},\"image\":{\"@id\":\"https:\/\/www.exitfest.org\/es#\/schema\/logo\/image\/\"},\"sameAs\":[\"https:\/\/www.facebook.com\/exit.festival\",\"https:\/\/x.com\/exitfestival\",\"https:\/\/instagram.com\/exitfestival\",\"https:\/\/www.linkedin.com\/company\/exit-festival\/\",\"https:\/\/www.youtube.com\/user\/EXITFestivalTV\",\"https:\/\/en.wikipedia.org\/wiki\/Exit_festival\",\"https:\/\/www.tiktok.com\/@exit_festival\",\"https:\/\/www.flickr.com\/photos\/exitfestival\",\"https:\/\/soundcloud.com\/exitfestival\",\"https:\/\/www.mixcloud.com\/exitfestival\/\",\"https:\/\/vb.me\/b827f5\",\"https:\/\/www.deezer.com\/en\/profile\/1441778382\",\"https:\/\/vk.com\/exitfestival\"]}]}<\/script>\n<!-- \/ Yoast SEO plugin. -->","yoast_head_json":{"title":"Salud Mental - EXIT Festival 2025","description":"EXIT Festival ha estado trabajando en promover la consciencia sobre la salud mental durante a\u00f1os, tanto la atenci\u00f3n de la salud mental de sus empleados como la de los visitantes del festival","robots":{"index":"index","follow":"follow","max-snippet":"max-snippet:-1","max-image-preview":"max-image-preview:large","max-video-preview":"max-video-preview:-1"},"canonical":"https:\/\/www.exitfest.org\/es\/mental-health-es","og_locale":"es_ES","og_type":"article","og_title":"Salud Mental - EXIT Festival 2025","og_description":"EXIT Festival ha estado trabajando en promover la consciencia sobre la salud mental durante a\u00f1os, tanto la atenci\u00f3n de la salud mental de sus empleados como la de los visitantes del festival","og_url":"https:\/\/www.exitfest.org\/es\/mental-health-es","og_site_name":"EXIT Festival 2025","article_publisher":"https:\/\/www.facebook.com\/exit.festival","article_modified_time":"2023-02-02T11:00:50+00:00","og_image":[{"width":1300,"height":600,"url":"https:\/\/www.exitfest.org\/wp-content\/uploads\/2019\/10\/you-are-not-alone-featured.jpg","type":"image\/jpeg"}],"twitter_card":"summary_large_image","twitter_site":"@exitfestival","schema":{"@context":"https:\/\/schema.org","@graph":[{"@type":"WebPage","@id":"https:\/\/www.exitfest.org\/es\/mental-health-es","url":"https:\/\/www.exitfest.org\/es\/mental-health-es","name":"Salud Mental - EXIT Festival 2025","isPartOf":{"@id":"https:\/\/www.exitfest.org\/es#website"},"primaryImageOfPage":{"@id":"https:\/\/www.exitfest.org\/es\/mental-health-es#primaryimage"},"image":{"@id":"https:\/\/www.exitfest.org\/es\/mental-health-es#primaryimage"},"thumbnailUrl":"https:\/\/www.exitfest.org\/wp-content\/uploads\/2019\/10\/you-are-not-alone-featured.jpg","datePublished":"2019-10-01T09:47:52+00:00","dateModified":"2023-02-02T11:00:50+00:00","description":"EXIT Festival ha estado trabajando en promover la consciencia sobre la salud mental durante a\u00f1os, tanto la atenci\u00f3n de la salud mental de sus empleados como la de los visitantes del festival","breadcrumb":{"@id":"https:\/\/www.exitfest.org\/es\/mental-health-es#breadcrumb"},"inLanguage":"es","potentialAction":[{"@type":"ReadAction","target":["https:\/\/www.exitfest.org\/es\/mental-health-es"]}]},{"@type":"ImageObject","inLanguage":"es","@id":"https:\/\/www.exitfest.org\/es\/mental-health-es#primaryimage","url":"https:\/\/www.exitfest.org\/wp-content\/uploads\/2019\/10\/you-are-not-alone-featured.jpg","contentUrl":"https:\/\/www.exitfest.org\/wp-content\/uploads\/2019\/10\/you-are-not-alone-featured.jpg","width":1300,"height":600},{"@type":"BreadcrumbList","@id":"https:\/\/www.exitfest.org\/es\/mental-health-es#breadcrumb","itemListElement":[{"@type":"ListItem","position":1,"name":"Po\u010detna","item":"https:\/\/www.exitfest.org\/es"},{"@type":"ListItem","position":2,"name":"Salud Mental"}]},{"@type":"WebSite","@id":"https:\/\/www.exitfest.org\/es#website","url":"https:\/\/www.exitfest.org\/es","name":"EXIT Festival 2025","description":"","publisher":{"@id":"https:\/\/www.exitfest.org\/es#organization"},"alternateName":"EXIT Festival","potentialAction":[{"@type":"SearchAction","target":{"@type":"EntryPoint","urlTemplate":"https:\/\/www.exitfest.org\/es?s={search_term_string}"},"query-input":{"@type":"PropertyValueSpecification","valueRequired":true,"valueName":"search_term_string"}}],"inLanguage":"es"},{"@type":"Organization","@id":"https:\/\/www.exitfest.org\/es#organization","name":"EXIT Festival","alternateName":"EXIT","url":"https:\/\/www.exitfest.org\/es","logo":{"@type":"ImageObject","inLanguage":"es","@id":"https:\/\/www.exitfest.org\/es#\/schema\/logo\/image\/","url":"https:\/\/www.exitfest.org\/wp-content\/uploads\/2023\/04\/exit-logo-696px.svg","contentUrl":"https:\/\/www.exitfest.org\/wp-content\/uploads\/2023\/04\/exit-logo-696px.svg","width":1,"height":1,"caption":"EXIT Festival"},"image":{"@id":"https:\/\/www.exitfest.org\/es#\/schema\/logo\/image\/"},"sameAs":["https:\/\/www.facebook.com\/exit.festival","https:\/\/x.com\/exitfestival","https:\/\/instagram.com\/exitfestival","https:\/\/www.linkedin.com\/company\/exit-festival\/","https:\/\/www.youtube.com\/user\/EXITFestivalTV","https:\/\/en.wikipedia.org\/wiki\/Exit_festival","https:\/\/www.tiktok.com\/@exit_festival","https:\/\/www.flickr.com\/photos\/exitfestival","https:\/\/soundcloud.com\/exitfestival","https:\/\/www.mixcloud.com\/exitfestival\/","https:\/\/vb.me\/b827f5","https:\/\/www.deezer.com\/en\/profile\/1441778382","https:\/\/vk.com\/exitfestival"]}]}},"_links":{"self":[{"href":"https:\/\/www.exitfest.org\/es\/wp-json\/wp\/v2\/pages\/229278","targetHints":{"allow":["GET"]}}],"collection":[{"href":"https:\/\/www.exitfest.org\/es\/wp-json\/wp\/v2\/pages"}],"about":[{"href":"https:\/\/www.exitfest.org\/es\/wp-json\/wp\/v2\/types\/page"}],"author":[{"embeddable":true,"href":"https:\/\/www.exitfest.org\/es\/wp-json\/wp\/v2\/users\/1"}],"replies":[{"embeddable":true,"href":"https:\/\/www.exitfest.org\/es\/wp-json\/wp\/v2\/comments?post=229278"}],"version-history":[{"count":1,"href":"https:\/\/www.exitfest.org\/es\/wp-json\/wp\/v2\/pages\/229278\/revisions"}],"predecessor-version":[{"id":293578,"href":"https:\/\/www.exitfest.org\/es\/wp-json\/wp\/v2\/pages\/229278\/revisions\/293578"}],"wp:featuredmedia":[{"embeddable":true,"href":"https:\/\/www.exitfest.org\/es\/wp-json\/wp\/v2\/media\/104790"}],"wp:attachment":[{"href":"https:\/\/www.exitfest.org\/es\/wp-json\/wp\/v2\/media?parent=229278"}],"curies":[{"name":"wp","href":"https:\/\/api.w.org\/{rel}","templated":true}]}}