{"id":229287,"date":"2018-10-20T18:41:39","date_gmt":"2018-10-20T16:41:39","guid":{"rendered":"https:\/\/www.exitfest.org\/exit-activism"},"modified":"2023-02-02T11:50:19","modified_gmt":"2023-02-02T10:50:19","slug":"exit-activism-es","status":"publish","type":"page","link":"https:\/\/www.exitfest.org\/es\/exit-activism-es","title":{"rendered":"Activismo EXIT"},"content":{"rendered":"<div class=\"wpb-content-wrapper\"><p>[vc_row el_class=\u00bbcontainer-single uk-container-center\u00bb css=\u00bb.vc_custom_1547721991391{padding-top: 40px !important;}\u00bb][vc_column css_animation=\u00bbnone\u00bb offset=\u00bbvc_col-lg-offset-2 vc_col-lg-8 vc_col-md-offset-2 vc_col-md-8&#8243;][vc_column_text css_animation=\u00bbnone\u00bb css=\u00bb.vc_custom_1675334391993{margin-bottom: 10px !important;}\u00bb]Creado hace m\u00e1s dos d\u00e9cadas en el Parque Universitario de Novi Sad como un movimiento estudiantil en la lucha por la paz y la libertad, EXIT Festival ha realizado una serie de proyectos socialmente responsables a lo largo de su historia. La responsabilidad social sigue siendo uno de los aspectos clave del festival, expresada a trav\u00e9s del trabajo de la <a href=\"https:\/\/www.exitfondacija.org\/en\/\">Fundaci\u00f3n EXIT<\/a>, cuyo activismo se centra en el desarrollo de la juventud, promover la paz y las industrias creativas y la protecci\u00f3n del medio ambiente como imagen de marca.[\/vc_column_text][vc_column_text css_animation=\u00bbnone\u00bb css=\u00bb.vc_custom_1618410476430{margin-bottom: 10px !important;}\u00bb]<\/p>\n<h2>Life Stream<\/h2>\n<p>[\/vc_column_text][vc_single_image image=\u00bb124549&#8243; img_size=\u00bbfull\u00bb alignment=\u00bbcenter\u00bb][vc_column_text css_animation=\u00bbnone\u00bb css=\u00bb.vc_custom_1675334786541{margin-bottom: 10px !important;}\u00bb]EXIT Festival, en asociaci\u00f3n con el <strong>Programa Mundial de Alimentos de las Naciones Unidas<\/strong>, la organizaci\u00f3n humanitaria m\u00e1s grande del mundo, han creado el proyecto <a href=\"https:\/\/savelife.stream\/en\">Life Stream<\/a>. El objetivo del proyecto es abordar problemas ambientales cr\u00edticos y ayudar a millones de personas en todo el planeta que han llegado al borde de la inanici\u00f3n extrema debido a la pandemia de COVID-19.<\/p>\n<p>Life Stream se lanz\u00f3 en 2019 y, junto con Green \u042f:Evolution, es el esfuerzo ambiental m\u00e1s grande de EXIT hasta la fecha. La asociaci\u00f3n con el Programa Mundial de Alimentos de la ONU ampl\u00eda el alcance de este proyecto, destacando dos motivos cruciales para la acci\u00f3n: acabar con el hambre y desarrollar la resiliencia de la comunidad al cambio clim\u00e1tico, que se han vuelto a\u00fan m\u00e1s urgentes ante la amenaza del COVID-19.[\/vc_column_text][vc_empty_space height=\u00bb30px\u00bb bb_tab_container=\u00bb\u00bb][vc_column_text css_animation=\u00bbnone\u00bb css=\u00bb.vc_custom_1618410486742{margin-bottom: 10px !important;}\u00bb]<\/p>\n<h2>Green \u042f:Evolution<\/h2>\n<p>[\/vc_column_text][vc_single_image image=\u00bb124528&#8243; img_size=\u00bbfull\u00bb alignment=\u00bbcenter\u00bb][vc_column_text css_animation=\u00bbnone\u00bb css=\u00bb.vc_custom_1675334490966{margin-bottom: 10px !important;}\u00bb]<a href=\"https:\/\/old.zelenarevolucija.org\/en\/\" target=\"_blank\" rel=\"noopener\"><strong>Green \u042f:Evolution<\/strong><\/a>\u00a0es una plataforma ecol\u00f3gica a gran escala del festival EXIT cuyo objetivo es movilizar al p\u00fablico para iniciar la forestaci\u00f3n masiva en el pa\u00eds, la regi\u00f3n y el mundo. \u00a1El objetivo es plantar <strong>m\u00e1s de un mill\u00f3n de \u00e1rboles<\/strong> en los pr\u00f3ximos a\u00f1os solo en Serbia!<\/p>\n<p>La primera campa\u00f1a de forestaci\u00f3n se llev\u00f3 a cabo en Fruska Gora en cooperaci\u00f3n con la Delegaci\u00f3n de la UE en Serbia y la presencia del Ministerio de Protecci\u00f3n Ambiental. La campa\u00f1a fue apoyada por el Parque Nacional Fruska Gora, la Facultad de Silvicultura de la Universidad de Belgrado y el Movimiento Ambientalista de Vojvodina (Pokret Gorana Vojvodine).[\/vc_column_text][vc_empty_space height=\u00bb30px\u00bb bb_tab_container=\u00bb\u00bb][vc_column_text css_animation=\u00bbnone\u00bb css=\u00bb.vc_custom_1618410495596{margin-bottom: 10px !important;}\u00bb]<\/p>\n<h2>Conscious R:evolution<\/h2>\n<p>[\/vc_column_text][vc_single_image image=\u00bb124535&#8243; img_size=\u00bbfull\u00bb alignment=\u00bbcenter\u00bb][vc_column_text css_animation=\u00bbnone\u00bb css=\u00bb.vc_custom_1675334634081{margin-bottom: 10px !important;}\u00bb]En su vig\u00e9simo aniversario, EXIT Festival lanz\u00f3 <a href=\"https:\/\/consciousrevolution.life\/\">Conscious R:Evolution<\/a>, una plataforma que ha reunido a algunos de los principales oradores, artistas, cient\u00edficos, empresarios y activistas del mundo para debatir las p<strong>otenciales v\u00edas de desarrollo humano tanto individual como colectivo.<\/strong> Son numerosos paneles de discusi\u00f3n y talleres gratuitos que se llevan a cabo dentro de esta plataforma y que puedes encontrar <a href=\"https:\/\/consciousrevolution.life\/events\/\">aqu\u00ed<\/a>.[\/vc_column_text][vc_empty_space height=\u00bb30px\u00bb bb_tab_container=\u00bb\u00bb][vc_column_text css_animation=\u00bbnone\u00bb css=\u00bb.vc_custom_1675334650584{margin-bottom: 10px !important;}\u00bb]<\/p>\n<h2>Estrategia EXIT<\/h2>\n<p>[\/vc_column_text][vc_single_image image=\u00bb124542&#8243; img_size=\u00bbfull\u00bb alignment=\u00bbcenter\u00bb][vc_column_text css_animation=\u00bbnone\u00bb css=\u00bb.vc_custom_1675334869707{margin-bottom: 10px !important;}\u00bb]A la luz de las graves consecuencias econ\u00f3micas de la pandemia, EXIT ha lanzado una conferencia internacional en l\u00ednea titulada <a href=\"https:\/\/www.exitfest.org\/en\/exit-strategy\">Estrategia EXIT<\/a>. Bajo el lema \u00abJuntos creamos una salida de la pandemia\u00bb. En varios paneles, la conferencia reuni\u00f3 a algunos de los principales expertos mundiales y regionales en los campos del turismo, la cultura, los eventos, los medios de comunicaci\u00f3n y otras esferas de la vida p\u00fablica, quienes discutieron <strong>el futuro del turismo y los grandes eventos.<\/strong>[\/vc_column_text][vc_empty_space height=\u00bb30px\u00bb bb_tab_container=\u00bb\u00bb][vc_column_text css_animation=\u00bbnone\u00bb css=\u00bb.vc_custom_1675334885410{margin-bottom: 10px !important;}\u00bb]<\/p>\n<h2>Salud Mental<\/h2>\n<p>[\/vc_column_text][vc_single_image image=\u00bb124558&#8243; img_size=\u00bbfull\u00bb alignment=\u00bbcenter\u00bb][vc_column_text css_animation=\u00bbnone\u00bb css=\u00bb.vc_custom_1675334959423{margin-bottom: 10px !important;}\u00bb]EXIT Festival ha estado promoviendo la concienciaci\u00f3n sobre la <a href=\"https:\/\/www.exitfest.org\/es\/mental-health-es\">salud mental<\/a> durante muchos a\u00f1os, tanto la atenci\u00f3n de la salud mental de sus empleados como la de los visitantes del festival. El reconocimiento de este importante tema nos convierte en <strong>pioneros en la industria de los festivales<\/strong> y creemos profundamente que, en lo que respecta a la salud mental, ha comenzado una nueva era.[\/vc_column_text][vc_empty_space height=\u00bb30px\u00bb bb_tab_container=\u00bb\u00bb][\/vc_column][\/vc_row]<\/p>\n<\/div>","protected":false},"excerpt":{"rendered":"<p>[vc_row el_class=\u00bbcontainer-single uk-container-center\u00bb css=\u00bb.vc_custom_1547721991391{padding-top: 40px !important;}\u00bb][vc_column css_animation=\u00bbnone\u00bb offset=\u00bbvc_col-lg-offset-2 vc_col-lg-8 vc_col-md-offset-2 vc_col-md-8&#8243;][vc_column_text css_animation=\u00bbnone\u00bb css=\u00bb.vc_custom_1675334391993{margin-bottom: 10px !important;}\u00bb]Creado hace m\u00e1s dos d\u00e9cadas en el Parque Universitario de Novi Sad como un movimiento estudiantil<\/p>\n","protected":false},"author":1,"featured_media":0,"parent":0,"menu_order":37,"comment_status":"closed","ping_status":"closed","template":"page-with-hero.php","meta":{"_acf_changed":false,"footnotes":""},"class_list":["post-229287","page","type-page","status-publish","hentry"],"acf":[],"yoast_head":"<!-- This site is optimized with the Yoast SEO plugin v25.6 - https:\/\/yoast.com\/wordpress\/plugins\/seo\/ -->\n<title>Activismo EXIT - EXIT Festival 2025<\/title>\n<meta name=\"description\" content=\"Activismo EXIT - 20 a\u00f1os de EXIT.\" \/>\n<meta name=\"robots\" content=\"index, follow, max-snippet:-1, max-image-preview:large, max-video-preview:-1\" \/>\n<link rel=\"canonical\" href=\"https:\/\/www.exitfest.org\/es\/exit-activism-es\" \/>\n<meta property=\"og:locale\" content=\"es_ES\" \/>\n<meta property=\"og:type\" content=\"article\" \/>\n<meta property=\"og:title\" content=\"Activismo EXIT - EXIT Festival 2025\" \/>\n<meta property=\"og:description\" content=\"Activismo EXIT - 20 a\u00f1os de EXIT.\" \/>\n<meta property=\"og:url\" content=\"https:\/\/www.exitfest.org\/es\/exit-activism-es\" \/>\n<meta property=\"og:site_name\" content=\"EXIT Festival 2025\" \/>\n<meta property=\"article:publisher\" content=\"https:\/\/www.facebook.com\/exit.festival\" \/>\n<meta property=\"article:modified_time\" content=\"2023-02-02T10:50:19+00:00\" \/>\n<meta property=\"og:image\" content=\"https:\/\/www.exitfest.org\/wp-content\/uploads\/2024\/11\/state-of-exit-og-image-2025-exit.jpg\" \/>\n\t<meta property=\"og:image:width\" content=\"1920\" \/>\n\t<meta property=\"og:image:height\" content=\"1080\" \/>\n\t<meta property=\"og:image:type\" content=\"image\/jpeg\" \/>\n<meta name=\"twitter:card\" content=\"summary_large_image\" \/>\n<meta name=\"twitter:site\" content=\"@exitfestival\" \/>\n<script type=\"application\/ld+json\" class=\"yoast-schema-graph\">{\"@context\":\"https:\/\/schema.org\",\"@graph\":[{\"@type\":\"WebPage\",\"@id\":\"https:\/\/www.exitfest.org\/es\/exit-activism-es\",\"url\":\"https:\/\/www.exitfest.org\/es\/exit-activism-es\",\"name\":\"Activismo EXIT - EXIT Festival 2025\",\"isPartOf\":{\"@id\":\"https:\/\/www.exitfest.org\/es#website\"},\"datePublished\":\"2018-10-20T16:41:39+00:00\",\"dateModified\":\"2023-02-02T10:50:19+00:00\",\"description\":\"Activismo EXIT - 20 a\u00f1os de EXIT.\",\"breadcrumb\":{\"@id\":\"https:\/\/www.exitfest.org\/es\/exit-activism-es#breadcrumb\"},\"inLanguage\":\"es\",\"potentialAction\":[{\"@type\":\"ReadAction\",\"target\":[\"https:\/\/www.exitfest.org\/es\/exit-activism-es\"]}]},{\"@type\":\"BreadcrumbList\",\"@id\":\"https:\/\/www.exitfest.org\/es\/exit-activism-es#breadcrumb\",\"itemListElement\":[{\"@type\":\"ListItem\",\"position\":1,\"name\":\"Po\u010detna\",\"item\":\"https:\/\/www.exitfest.org\/es\"},{\"@type\":\"ListItem\",\"position\":2,\"name\":\"Activismo EXIT\"}]},{\"@type\":\"WebSite\",\"@id\":\"https:\/\/www.exitfest.org\/es#website\",\"url\":\"https:\/\/www.exitfest.org\/es\",\"name\":\"EXIT Festival 2025\",\"description\":\"\",\"publisher\":{\"@id\":\"https:\/\/www.exitfest.org\/es#organization\"},\"alternateName\":\"EXIT Festival\",\"potentialAction\":[{\"@type\":\"SearchAction\",\"target\":{\"@type\":\"EntryPoint\",\"urlTemplate\":\"https:\/\/www.exitfest.org\/es?s={search_term_string}\"},\"query-input\":{\"@type\":\"PropertyValueSpecification\",\"valueRequired\":true,\"valueName\":\"search_term_string\"}}],\"inLanguage\":\"es\"},{\"@type\":\"Organization\",\"@id\":\"https:\/\/www.exitfest.org\/es#organization\",\"name\":\"EXIT Festival\",\"alternateName\":\"EXIT\",\"url\":\"https:\/\/www.exitfest.org\/es\",\"logo\":{\"@type\":\"ImageObject\",\"inLanguage\":\"es\",\"@id\":\"https:\/\/www.exitfest.org\/es#\/schema\/logo\/image\/\",\"url\":\"https:\/\/www.exitfest.org\/wp-content\/uploads\/2023\/04\/exit-logo-696px.svg\",\"contentUrl\":\"https:\/\/www.exitfest.org\/wp-content\/uploads\/2023\/04\/exit-logo-696px.svg\",\"width\":1,\"height\":1,\"caption\":\"EXIT Festival\"},\"image\":{\"@id\":\"https:\/\/www.exitfest.org\/es#\/schema\/logo\/image\/\"},\"sameAs\":[\"https:\/\/www.facebook.com\/exit.festival\",\"https:\/\/x.com\/exitfestival\",\"https:\/\/instagram.com\/exitfestival\",\"https:\/\/www.linkedin.com\/company\/exit-festival\/\",\"https:\/\/www.youtube.com\/user\/EXITFestivalTV\",\"https:\/\/en.wikipedia.org\/wiki\/Exit_festival\",\"https:\/\/www.tiktok.com\/@exit_festival\",\"https:\/\/www.flickr.com\/photos\/exitfestival\",\"https:\/\/soundcloud.com\/exitfestival\",\"https:\/\/www.mixcloud.com\/exitfestival\/\",\"https:\/\/vb.me\/b827f5\",\"https:\/\/www.deezer.com\/en\/profile\/1441778382\",\"https:\/\/vk.com\/exitfestival\"]}]}<\/script>\n<!-- \/ Yoast SEO plugin. -->","yoast_head_json":{"title":"Activismo EXIT - EXIT Festival 2025","description":"Activismo EXIT - 20 a\u00f1os de EXIT.","robots":{"index":"index","follow":"follow","max-snippet":"max-snippet:-1","max-image-preview":"max-image-preview:large","max-video-preview":"max-video-preview:-1"},"canonical":"https:\/\/www.exitfest.org\/es\/exit-activism-es","og_locale":"es_ES","og_type":"article","og_title":"Activismo EXIT - EXIT Festival 2025","og_description":"Activismo EXIT - 20 a\u00f1os de EXIT.","og_url":"https:\/\/www.exitfest.org\/es\/exit-activism-es","og_site_name":"EXIT Festival 2025","article_publisher":"https:\/\/www.facebook.com\/exit.festival","article_modified_time":"2023-02-02T10:50:19+00:00","og_image":[{"width":1920,"height":1080,"url":"https:\/\/www.exitfest.org\/wp-content\/uploads\/2024\/11\/state-of-exit-og-image-2025-exit.jpg","type":"image\/jpeg"}],"twitter_card":"summary_large_image","twitter_site":"@exitfestival","schema":{"@context":"https:\/\/schema.org","@graph":[{"@type":"WebPage","@id":"https:\/\/www.exitfest.org\/es\/exit-activism-es","url":"https:\/\/www.exitfest.org\/es\/exit-activism-es","name":"Activismo EXIT - EXIT Festival 2025","isPartOf":{"@id":"https:\/\/www.exitfest.org\/es#website"},"datePublished":"2018-10-20T16:41:39+00:00","dateModified":"2023-02-02T10:50:19+00:00","description":"Activismo EXIT - 20 a\u00f1os de EXIT.","breadcrumb":{"@id":"https:\/\/www.exitfest.org\/es\/exit-activism-es#breadcrumb"},"inLanguage":"es","potentialAction":[{"@type":"ReadAction","target":["https:\/\/www.exitfest.org\/es\/exit-activism-es"]}]},{"@type":"BreadcrumbList","@id":"https:\/\/www.exitfest.org\/es\/exit-activism-es#breadcrumb","itemListElement":[{"@type":"ListItem","position":1,"name":"Po\u010detna","item":"https:\/\/www.exitfest.org\/es"},{"@type":"ListItem","position":2,"name":"Activismo EXIT"}]},{"@type":"WebSite","@id":"https:\/\/www.exitfest.org\/es#website","url":"https:\/\/www.exitfest.org\/es","name":"EXIT Festival 2025","description":"","publisher":{"@id":"https:\/\/www.exitfest.org\/es#organization"},"alternateName":"EXIT Festival","potentialAction":[{"@type":"SearchAction","target":{"@type":"EntryPoint","urlTemplate":"https:\/\/www.exitfest.org\/es?s={search_term_string}"},"query-input":{"@type":"PropertyValueSpecification","valueRequired":true,"valueName":"search_term_string"}}],"inLanguage":"es"},{"@type":"Organization","@id":"https:\/\/www.exitfest.org\/es#organization","name":"EXIT Festival","alternateName":"EXIT","url":"https:\/\/www.exitfest.org\/es","logo":{"@type":"ImageObject","inLanguage":"es","@id":"https:\/\/www.exitfest.org\/es#\/schema\/logo\/image\/","url":"https:\/\/www.exitfest.org\/wp-content\/uploads\/2023\/04\/exit-logo-696px.svg","contentUrl":"https:\/\/www.exitfest.org\/wp-content\/uploads\/2023\/04\/exit-logo-696px.svg","width":1,"height":1,"caption":"EXIT Festival"},"image":{"@id":"https:\/\/www.exitfest.org\/es#\/schema\/logo\/image\/"},"sameAs":["https:\/\/www.facebook.com\/exit.festival","https:\/\/x.com\/exitfestival","https:\/\/instagram.com\/exitfestival","https:\/\/www.linkedin.com\/company\/exit-festival\/","https:\/\/www.youtube.com\/user\/EXITFestivalTV","https:\/\/en.wikipedia.org\/wiki\/Exit_festival","https:\/\/www.tiktok.com\/@exit_festival","https:\/\/www.flickr.com\/photos\/exitfestival","https:\/\/soundcloud.com\/exitfestival","https:\/\/www.mixcloud.com\/exitfestival\/","https:\/\/vb.me\/b827f5","https:\/\/www.deezer.com\/en\/profile\/1441778382","https:\/\/vk.com\/exitfestival"]}]}},"_links":{"self":[{"href":"https:\/\/www.exitfest.org\/es\/wp-json\/wp\/v2\/pages\/229287","targetHints":{"allow":["GET"]}}],"collection":[{"href":"https:\/\/www.exitfest.org\/es\/wp-json\/wp\/v2\/pages"}],"about":[{"href":"https:\/\/www.exitfest.org\/es\/wp-json\/wp\/v2\/types\/page"}],"author":[{"embeddable":true,"href":"https:\/\/www.exitfest.org\/es\/wp-json\/wp\/v2\/users\/1"}],"replies":[{"embeddable":true,"href":"https:\/\/www.exitfest.org\/es\/wp-json\/wp\/v2\/comments?post=229287"}],"version-history":[{"count":0,"href":"https:\/\/www.exitfest.org\/es\/wp-json\/wp\/v2\/pages\/229287\/revisions"}],"wp:attachment":[{"href":"https:\/\/www.exitfest.org\/es\/wp-json\/wp\/v2\/media?parent=229287"}],"curies":[{"name":"wp","href":"https:\/\/api.w.org\/{rel}","templated":true}]}}